{"id":2211,"date":"2022-08-02T11:23:50","date_gmt":"2022-08-02T11:23:50","guid":{"rendered":"https:\/\/ambacamespagne.com\/web\/direcciones-utiles\/"},"modified":"2023-01-04T16:33:54","modified_gmt":"2023-01-04T16:33:54","slug":"adresses-utiles","status":"publish","type":"page","link":"https:\/\/ambacamespagne.com\/web\/fr\/adresses-utiles\/","title":{"rendered":"Adresses utiles"},"content":{"rendered":"<p>[et_pb_section fb_built=\u00a0\u00bb1&Prime; _builder_version=\u00a0\u00bb4.19.0&Prime; _module_preset=\u00a0\u00bbdefault\u00a0\u00bb background_enable_color=\u00a0\u00bboff\u00a0\u00bb global_colors_info=\u00a0\u00bb{}\u00a0\u00bb][et_pb_row column_structure=\u00a0\u00bb1_2,1_2&Prime; _builder_version=\u00a0\u00bb4.17.6&Prime; _module_preset=\u00a0\u00bbdefault\u00a0\u00bb global_colors_info=\u00a0\u00bb{}\u00a0\u00bb][et_pb_column type=\u00a0\u00bb1_2&Prime; _builder_version=\u00a0\u00bb4.17.6&Prime; _module_preset=\u00a0\u00bbdefault\u00a0\u00bb global_colors_info=\u00a0\u00bb{}\u00a0\u00bb][et_pb_text _builder_version=\u00a0\u00bb4.17.6&Prime; _module_preset=\u00a0\u00bbdefault\u00a0\u00bb global_colors_info=\u00a0\u00bb{}\u00a0\u00bb]<\/p>\n<h3>INSTITUCIONES GUBERNAMENTALES<\/h3>\n<ul>\n<li>Presidencia de la Rep\u00fablica de Camer\u00fan<\/li>\n<li>Oficina del primer ministro<\/li>\n<li>Asamblea Nacional<\/li>\n<li>Ministerio de Relaciones Externas<\/li>\n<li>Ministerio de Administraci\u00f3n Territorial y Descentralizaci\u00f3n (MINATD)<\/li>\n<li>Ministerio de Comunicaciones<\/li>\n<li>Ministerio de Econom\u00eda, Planificaci\u00f3n y Desarrollo Regional<\/li>\n<li>Ministerio de Vivienda y Desarrollo Urbano<\/li>\n<li>Ministerio de Empleo y Formaci\u00f3n Profesional<\/li>\n<li>Ministerio de Educaci\u00f3n Superior Educaci\u00f3n<\/li>\n<li>Ministerio de Medio Ambiente y Protecci\u00f3n de la Naturaleza.<\/li>\n<li>Ministerio de Servicio P\u00fablico y Reformas Administrativas<\/li>\n<li>Ministerio de Juventud<\/li>\n<li>Ministerio de Correos y Telecomunicaciones<\/li>\n<li>Ministerio de Promoci\u00f3n de la Mujer y la Familia<\/li>\n<li>Ministerio de comercio<\/li>\n<li>Ministerio de Investigaci\u00f3n Cient\u00edfica e Innovaci\u00f3n<\/li>\n<\/ul>\n<h3>INSTITUCIONES MONETARIAS E INTERNACIONALES<\/h3>\n<ul>\n<li>Banco de Estados del \u00c1frica Central (BEAC)<\/li>\n<li>Comunidad Econ\u00f3mica y Monetaria de \u00c1frica Central (CEMAC)<\/li>\n<li>Banco Africano de Desarrollo (AfDB)<\/li>\n<li>Uni\u00f3n africana<\/li>\n<\/ul>\n<h3>DESARROLLO, INVERSIONES E INSTITUCIONES ECON\u00d3MICAS<\/h3>\n<ul>\n<li>Corporaci\u00f3n de Desarrollo de Camer\u00fan (CDC)<\/li>\n<li>Camer\u00fan C\u00e1mara de Comercio, Industria, Minas y Comercio (CCIMA) Douala<\/li>\n<li>PAMOL Plantaciones de Camer\u00fan<\/li>\n<li>Agencia Reguladora de Contrataci\u00f3n P\u00fablica (ARMP) \/ Agencia<\/li>\n<li>Reguladora de Contrataci\u00f3n P\u00fablica (ARMP)<\/li>\n<\/ul>\n<h3>Invierte en Camer\u00fan<\/h3>\n<ul>\n<li>Negocios en Camer\u00fan (El portal de inversiones en Camer\u00fan)<\/li>\n<li>CAMERO CAMEROUN ACTU (Radio y Televisi\u00f3n)<\/li>\n<li>Invierta en Camer\u00fan \/ Invierta en Camer\u00fan<\/li>\n<\/ul>\n<h3>PRENSA Y MEDIOS<\/h3>\n<ul>\n<li>Compa\u00f1\u00eda de Radio y Televisi\u00f3n de Camer\u00fan (CRTV)<\/li>\n<li>Tribuna de Camer\u00fan<\/li>\n<li>EL PERI\u00d3DICO \u2018SPARK\u2019 (Diario \u2018THE SPARK\u2019 \u2026 La chispa de la informaci\u00f3n)<\/li>\n<li>Revista de celebridades africanas (ACM)<\/li>\n<li>CamerPress (Agencia de Noticias de Camer\u00fan)<\/li>\n<li>Africa Press International (API)<\/li>\n<\/ul>\n<h3>DEPORTES (F\u00daTBOL)<\/h3>\n<ul>\n<li>Federaci\u00f3n de F\u00fatbol de Camer\u00fan (FECAFOOT)<\/li>\n<\/ul>\n<h3>INSTITUCIONES EDUCATIVAS<\/h3>\n<ul>\n<li>1 Universidad de Yaund\u00e9 I<\/li>\n<li>2 Universidad de Yaounde II<\/li>\n<li>3 Universidad de Buea<\/li>\n<li>4 universidad de Dschang<\/li>\n<li>5 Universidad de Douala<\/li>\n<li>6 Universidad de Ngaoundere<\/li>\n<li>7 Instituto Panafricano para el Desarrollo (PAGO) \u2013 \u00c1frica occidental<\/li>\n<\/ul>\n<h3>AGENCIAS DE TURISMO<\/h3>\n<p>[\/et_pb_text][\/et_pb_column][et_pb_column type=\u00a0\u00bb1_2&Prime; _builder_version=\u00a0\u00bb4.17.6&Prime; _module_preset=\u00a0\u00bbdefault\u00a0\u00bb global_colors_info=\u00a0\u00bb{}\u00a0\u00bb][et_pb_image src=\u00a0\u00bbhttps:\/\/ambacamespagne.com\/web\/wp-content\/uploads\/2022\/08\/negocios-en-camerun-embajada-camerun.jpg\u00a0\u00bb title_text=\u00a0\u00bbnegocios-en-camerun-embajada-camerun\u00a0\u00bb _builder_version=\u00a0\u00bb4.17.6&Prime; _module_preset=\u00a0\u00bbdefault\u00a0\u00bb global_colors_info=\u00a0\u00bb{}\u00a0\u00bb][\/et_pb_image][\/et_pb_column][\/et_pb_row][\/et_pb_section]<\/p>\n","protected":false},"excerpt":{"rendered":"<p>INSTITUCIONES GUBERNAMENTALES Presidencia de la Rep\u00fablica de Camer\u00fan Oficina del primer ministro Asamblea Nacional Ministerio de Relaciones Externas Ministerio de Administraci\u00f3n Territorial y Descentralizaci\u00f3n (MINATD) Ministerio de Comunicaciones Ministerio de Econom\u00eda, Planificaci\u00f3n y Desarrollo Regional Ministerio de Vivienda y Desarrollo Urbano Ministerio de Empleo y Formaci\u00f3n Profesional Ministerio de Educaci\u00f3n Superior Educaci\u00f3n Ministerio de Medio [&hellip;]<\/p>\n","protected":false},"author":1,"featured_media":0,"parent":0,"menu_order":0,"comment_status":"closed","ping_status":"closed","template":"","meta":{"_et_pb_use_builder":"on","_et_pb_old_content":"","_et_gb_content_width":"","footnotes":""},"class_list":["post-2211","page","type-page","status-publish","hentry"],"_links":{"self":[{"href":"https:\/\/ambacamespagne.com\/web\/fr\/wp-json\/wp\/v2\/pages\/2211","targetHints":{"allow":["GET"]}}],"collection":[{"href":"https:\/\/ambacamespagne.com\/web\/fr\/wp-json\/wp\/v2\/pages"}],"about":[{"href":"https:\/\/ambacamespagne.com\/web\/fr\/wp-json\/wp\/v2\/types\/page"}],"author":[{"embeddable":true,"href":"https:\/\/ambacamespagne.com\/web\/fr\/wp-json\/wp\/v2\/users\/1"}],"replies":[{"embeddable":true,"href":"https:\/\/ambacamespagne.com\/web\/fr\/wp-json\/wp\/v2\/comments?post=2211"}],"version-history":[{"count":0,"href":"https:\/\/ambacamespagne.com\/web\/fr\/wp-json\/wp\/v2\/pages\/2211\/revisions"}],"wp:attachment":[{"href":"https:\/\/ambacamespagne.com\/web\/fr\/wp-json\/wp\/v2\/media?parent=2211"}],"curies":[{"name":"wp","href":"https:\/\/api.w.org\/{rel}","templated":true}]}}